{"id":7963,"date":"2025-07-10T17:06:38","date_gmt":"2025-07-10T17:06:38","guid":{"rendered":"https:\/\/vr-solucoes.com\/?post_type=ploja&#038;p=7963"},"modified":"2025-07-11T14:06:28","modified_gmt":"2025-07-11T14:06:28","slug":"cadeira-debra","status":"publish","type":"ploja","link":"https:\/\/vr-solucoes.com\/fr\/ploja\/cadeira-debra\/","title":{"rendered":"Cadeira Debra"},"content":{"rendered":"<p><strong data-start=\"721\" data-end=\"750\">A Cadeira Debra &#8211; Somcasa<\/strong> \u00e9 a fus\u00e3o perfeita entre conforto e design contempor\u00e2neo. Com um estofamento acolchoado em tecido bege elegante e uma base resistente em metal preto, esta pe\u00e7a distingue-se pelo seu estilo vers\u00e1til e sofisticado. De seguida, apresentamos esta magn\u00edfica cadeira:<\/p>\n<h3 data-start=\"970\" data-end=\"1027\"><strong data-start=\"977\" data-end=\"1027\">Primeiramente, o conforto e funcionalidade para qualquer espa\u00e7o.<\/strong><\/h3>\n<p data-start=\"1029\" data-end=\"1330\">A Cadeira Debra &#8211; Somcasa foi pensada para oferecer o m\u00e1ximo conforto, tudo gra\u00e7as ao seu encosto alto e bra\u00e7os largos. Al\u00e9m disso, \u00e9 ideal para longas horas de uso, seja na sala de estar, no escrit\u00f3rio ou numa sala de espera. A sua apar\u00eancia moderna encaixa perfeitamente em diversos estilos de decora\u00e7\u00e3o, do minimalista ao industrial.<\/p>\n<p data-start=\"1332\" data-end=\"1506\">Para al\u00e9m do seu aspeto visual apelativo, a Cadeira Debra &#8211; Somcasa, apresenta uma estrutura met\u00e1lica garante durabilidade e estabilidade, o que torna esta Cadeira Debra, uma excelente escolha tanto para uso dom\u00e9stico como profissional.<\/p>\n<h3 data-start=\"1513\" data-end=\"1559\"><strong data-start=\"1520\" data-end=\"1559\">Em segundo lugar, n\u00e3o se esque\u00e7a de combinar com outros produtos Somcasa.<\/strong><\/h3>\n<p data-start=\"1561\" data-end=\"1851\">Acima de tudo, para uma composi\u00e7\u00e3o harmoniosa, recomendamos combinar a <strong data-start=\"1617\" data-end=\"1644\">Cadeira Debra &#8211; Somcasa<\/strong> com a <a class=\"cursor-pointer\" href=\"https:\/\/www.somcasa.pt\/produto\/mesa-oslo\" target=\"_new\" rel=\"noopener\" data-start=\"1657\" data-end=\"1720\">Mesa de Jantar Oslo<\/a>, dispon\u00edvel na mesma paleta de cores. Descubra mais op\u00e7\u00f5es na <a class=\"cursor-pointer\" target=\"_new\" rel=\"noopener\" data-start=\"1783\" data-end=\"1850\">categoria de cadeiras<\/a>.<\/p>\n<h3 data-start=\"1858\" data-end=\"1911\"><strong data-start=\"1865\" data-end=\"1911\">Em terceiro lugar, mas n\u00e3o menos importante, esta cadeira apresenta um design que segue tend\u00eancias internacionais.<\/strong><\/h3>\n<p data-start=\"1913\" data-end=\"2165\">Vejamos que, inspirada nas \u00faltimas tend\u00eancias em design de interiores, a Cadeira Debra segue os princ\u00edpios do conforto moderno. Para saber mais sobre este tipo de abordagem no mobili\u00e1rio contempor\u00e2neo, consulte <a class=\"\" href=\"https:\/\/www.archdaily.com\" target=\"_new\" rel=\"noopener\" data-start=\"2111\" data-end=\"2164\">este artigo da ArchDaily<\/a>.<\/p>\n<h3 data-start=\"2172\" data-end=\"2200\"><strong data-start=\"2179\" data-end=\"2200\">Em suma, apresentamos os detalhes t\u00e9cnicos:<\/strong><\/h3>\n<ul data-start=\"2202\" data-end=\"2427\">\n<li data-start=\"2202\" data-end=\"2258\">\n<p data-start=\"2204\" data-end=\"2258\"><strong data-start=\"2204\" data-end=\"2217\">Material:<\/strong> Tecido bege + estrutura em metal preto<\/p>\n<\/li>\n<li data-start=\"2259\" data-end=\"2333\">\n<p data-start=\"2261\" data-end=\"2333\"><strong data-start=\"2261\" data-end=\"2275\">Dimens\u00f5es:<\/strong> Altura total: 85cm | Largura: 60cm | Profundidade: 65cm<\/p>\n<\/li>\n<li data-start=\"2334\" data-end=\"2367\">\n<p data-start=\"2336\" data-end=\"2367\"><strong data-start=\"2336\" data-end=\"2355\">Peso suportado:<\/strong> at\u00e9 120kg<\/p>\n<\/li>\n<li data-start=\"2368\" data-end=\"2427\">\n<p data-start=\"2370\" data-end=\"2427\"><strong data-start=\"2370\" data-end=\"2391\">Recomendada para:<\/strong> salas, escrit\u00f3rios, salas de espera<\/p>\n<\/li>\n<\/ul>\n<p><strong>Encomenda m\u00ednima de 2 cadeiras.<\/strong><\/p>\n<p>Cores dispon\u00edveis:<\/p>\n<p><img class=\"alignnone size-medium wp-image-7994\" src=\"https:\/\/vr-solucoes.com\/wp-content\/uploads\/2025\/07\/cadeira-debra-cores-300x102.jpg\" alt=\"Cores Dispon\u00edveis Cadeira Debra - Somcasa\" width=\"300\" height=\"102\" srcset=\"https:\/\/vr-solucoes.com\/wp-content\/uploads\/2025\/07\/cadeira-debra-cores-300x102.jpg 300w, https:\/\/vr-solucoes.com\/wp-content\/uploads\/2025\/07\/cadeira-debra-cores-768x261.jpg 768w, https:\/\/vr-solucoes.com\/wp-content\/uploads\/2025\/07\/cadeira-debra-cores-900x306.jpg 900w, https:\/\/vr-solucoes.com\/wp-content\/uploads\/2025\/07\/cadeira-debra-cores.jpg 967w\" sizes=\"(max-width: 300px) 100vw, 300px\" \/><\/p>\n","protected":false},"featured_media":8199,"template":"","meta":[],"categoria_ploja":[115],"designacao":[],"tecidos":[],"acabamento":[],"cor_estrutura":[],"cor_do_tampo":[],"cor":[],"marcas_produto":[333],"acf":[],"yoast_head":"<!-- This site is optimized with the Yoast SEO plugin v19.9 - https:\/\/yoast.com\/wordpress\/plugins\/seo\/ -->\n<title>Cadeira Debra - Somcasa | Conforto para Casa ou Escrit\u00f3rio<\/title>\n<meta name=\"description\" content=\"Cadeira Debra - Somcasa combina design contempor\u00e2neo e conforto. Estofada em bege, com base preta \u2014 perfeita para qualquer espa\u00e7o moderno.\" \/>\n<meta name=\"robots\" content=\"index, follow, max-snippet:-1, max-image-preview:large, max-video-preview:-1\" \/>\n<link rel=\"canonical\" href=\"https:\/\/vr-solucoes.com\/ploja\/cadeira-debra\/\" \/>\n<meta property=\"og:locale\" content=\"fr_FR\" \/>\n<meta property=\"og:type\" content=\"article\" \/>\n<meta property=\"og:title\" content=\"Cadeira Debra - Somcasa | Conforto para Casa ou Escrit\u00f3rio\" \/>\n<meta property=\"og:description\" content=\"Cadeira Debra - Somcasa combina design contempor\u00e2neo e conforto. Estofada em bege, com base preta \u2014 perfeita para qualquer espa\u00e7o moderno.\" \/>\n<meta property=\"og:url\" content=\"https:\/\/vr-solucoes.com\/ploja\/cadeira-debra\/\" \/>\n<meta property=\"og:site_name\" content=\"VR Solu\u00e7\u00f5es\" \/>\n<meta property=\"article:modified_time\" content=\"2025-07-11T14:06:28+00:00\" \/>\n<meta property=\"og:image\" content=\"https:\/\/vr-solucoes.com\/wp-content\/uploads\/2025\/07\/debra-preco.jpg\" \/>\n\t<meta property=\"og:image:width\" content=\"1080\" \/>\n\t<meta property=\"og:image:height\" content=\"1080\" \/>\n\t<meta property=\"og:image:type\" content=\"image\/jpeg\" \/>\n<meta name=\"twitter:card\" content=\"summary_large_image\" \/>\n<meta name=\"twitter:label1\" content=\"Dur\u00e9e de lecture estim\u00e9e\" \/>\n\t<meta name=\"twitter:data1\" content=\"2 minutes\" \/>\n<script type=\"application\/ld+json\" class=\"yoast-schema-graph\">{\"@context\":\"https:\/\/schema.org\",\"@graph\":[{\"@type\":\"WebPage\",\"@id\":\"https:\/\/vr-solucoes.com\/ploja\/cadeira-debra\/\",\"url\":\"https:\/\/vr-solucoes.com\/ploja\/cadeira-debra\/\",\"name\":\"Cadeira Debra - Somcasa | Conforto para Casa ou Escrit\u00f3rio\",\"isPartOf\":{\"@id\":\"https:\/\/vr-solucoes.com\/#website\"},\"datePublished\":\"2025-07-10T17:06:38+00:00\",\"dateModified\":\"2025-07-11T14:06:28+00:00\",\"description\":\"Cadeira Debra - Somcasa combina design contempor\u00e2neo e conforto. Estofada em bege, com base preta \u2014 perfeita para qualquer espa\u00e7o moderno.\",\"breadcrumb\":{\"@id\":\"https:\/\/vr-solucoes.com\/ploja\/cadeira-debra\/#breadcrumb\"},\"inLanguage\":\"fr-FR\",\"potentialAction\":[{\"@type\":\"ReadAction\",\"target\":[\"https:\/\/vr-solucoes.com\/ploja\/cadeira-debra\/\"]}]},{\"@type\":\"BreadcrumbList\",\"@id\":\"https:\/\/vr-solucoes.com\/ploja\/cadeira-debra\/#breadcrumb\",\"itemListElement\":[{\"@type\":\"ListItem\",\"position\":1,\"name\":\"Home\",\"item\":\"https:\/\/vr-solucoes.com\/fr\/\"},{\"@type\":\"ListItem\",\"position\":2,\"name\":\"Cadeira Debra\"}]},{\"@type\":\"WebSite\",\"@id\":\"https:\/\/vr-solucoes.com\/#website\",\"url\":\"https:\/\/vr-solucoes.com\/\",\"name\":\"VR Solu\u00e7\u00f5es\",\"description\":\"\",\"potentialAction\":[{\"@type\":\"SearchAction\",\"target\":{\"@type\":\"EntryPoint\",\"urlTemplate\":\"https:\/\/vr-solucoes.com\/?s={search_term_string}\"},\"query-input\":\"required name=search_term_string\"}],\"inLanguage\":\"fr-FR\"}]}<\/script>\n<!-- \/ Yoast SEO plugin. -->","yoast_head_json":{"title":"Cadeira Debra - Somcasa | Conforto para Casa ou Escrit\u00f3rio","description":"Cadeira Debra - Somcasa combina design contempor\u00e2neo e conforto. Estofada em bege, com base preta \u2014 perfeita para qualquer espa\u00e7o moderno.","robots":{"index":"index","follow":"follow","max-snippet":"max-snippet:-1","max-image-preview":"max-image-preview:large","max-video-preview":"max-video-preview:-1"},"canonical":"https:\/\/vr-solucoes.com\/ploja\/cadeira-debra\/","og_locale":"fr_FR","og_type":"article","og_title":"Cadeira Debra - Somcasa | Conforto para Casa ou Escrit\u00f3rio","og_description":"Cadeira Debra - Somcasa combina design contempor\u00e2neo e conforto. Estofada em bege, com base preta \u2014 perfeita para qualquer espa\u00e7o moderno.","og_url":"https:\/\/vr-solucoes.com\/ploja\/cadeira-debra\/","og_site_name":"VR Solu\u00e7\u00f5es","article_modified_time":"2025-07-11T14:06:28+00:00","og_image":[{"width":1080,"height":1080,"url":"https:\/\/vr-solucoes.com\/wp-content\/uploads\/2025\/07\/debra-preco.jpg","type":"image\/jpeg"}],"twitter_card":"summary_large_image","twitter_misc":{"Dur\u00e9e de lecture estim\u00e9e":"2 minutes"},"schema":{"@context":"https:\/\/schema.org","@graph":[{"@type":"WebPage","@id":"https:\/\/vr-solucoes.com\/ploja\/cadeira-debra\/","url":"https:\/\/vr-solucoes.com\/ploja\/cadeira-debra\/","name":"Cadeira Debra - Somcasa | Conforto para Casa ou Escrit\u00f3rio","isPartOf":{"@id":"https:\/\/vr-solucoes.com\/#website"},"datePublished":"2025-07-10T17:06:38+00:00","dateModified":"2025-07-11T14:06:28+00:00","description":"Cadeira Debra - Somcasa combina design contempor\u00e2neo e conforto. Estofada em bege, com base preta \u2014 perfeita para qualquer espa\u00e7o moderno.","breadcrumb":{"@id":"https:\/\/vr-solucoes.com\/ploja\/cadeira-debra\/#breadcrumb"},"inLanguage":"fr-FR","potentialAction":[{"@type":"ReadAction","target":["https:\/\/vr-solucoes.com\/ploja\/cadeira-debra\/"]}]},{"@type":"BreadcrumbList","@id":"https:\/\/vr-solucoes.com\/ploja\/cadeira-debra\/#breadcrumb","itemListElement":[{"@type":"ListItem","position":1,"name":"Home","item":"https:\/\/vr-solucoes.com\/fr\/"},{"@type":"ListItem","position":2,"name":"Cadeira Debra"}]},{"@type":"WebSite","@id":"https:\/\/vr-solucoes.com\/#website","url":"https:\/\/vr-solucoes.com\/","name":"VR Solu\u00e7\u00f5es","description":"","potentialAction":[{"@type":"SearchAction","target":{"@type":"EntryPoint","urlTemplate":"https:\/\/vr-solucoes.com\/?s={search_term_string}"},"query-input":"required name=search_term_string"}],"inLanguage":"fr-FR"}]}},"_links":{"self":[{"href":"https:\/\/vr-solucoes.com\/fr\/wp-json\/wp\/v2\/ploja\/7963"}],"collection":[{"href":"https:\/\/vr-solucoes.com\/fr\/wp-json\/wp\/v2\/ploja"}],"about":[{"href":"https:\/\/vr-solucoes.com\/fr\/wp-json\/wp\/v2\/types\/ploja"}],"wp:featuredmedia":[{"embeddable":true,"href":"https:\/\/vr-solucoes.com\/fr\/wp-json\/wp\/v2\/media\/8199"}],"wp:attachment":[{"href":"https:\/\/vr-solucoes.com\/fr\/wp-json\/wp\/v2\/media?parent=7963"}],"wp:term":[{"taxonomy":"categoria_ploja","embeddable":true,"href":"https:\/\/vr-solucoes.com\/fr\/wp-json\/wp\/v2\/categoria_ploja?post=7963"},{"taxonomy":"designacao","embeddable":true,"href":"https:\/\/vr-solucoes.com\/fr\/wp-json\/wp\/v2\/designacao?post=7963"},{"taxonomy":"tecidos","embeddable":true,"href":"https:\/\/vr-solucoes.com\/fr\/wp-json\/wp\/v2\/tecidos?post=7963"},{"taxonomy":"acabamento","embeddable":true,"href":"https:\/\/vr-solucoes.com\/fr\/wp-json\/wp\/v2\/acabamento?post=7963"},{"taxonomy":"cor_estrutura","embeddable":true,"href":"https:\/\/vr-solucoes.com\/fr\/wp-json\/wp\/v2\/cor_estrutura?post=7963"},{"taxonomy":"cor_do_tampo","embeddable":true,"href":"https:\/\/vr-solucoes.com\/fr\/wp-json\/wp\/v2\/cor_do_tampo?post=7963"},{"taxonomy":"cor","embeddable":true,"href":"https:\/\/vr-solucoes.com\/fr\/wp-json\/wp\/v2\/cor?post=7963"},{"taxonomy":"marcas_produto","embeddable":true,"href":"https:\/\/vr-solucoes.com\/fr\/wp-json\/wp\/v2\/marcas_produto?post=7963"}],"curies":[{"name":"wp","href":"https:\/\/api.w.org\/{rel}","templated":true}]}}